{"id":2770,"date":"2022-02-24T15:43:39","date_gmt":"2022-02-24T12:43:39","guid":{"rendered":"https:\/\/zeytince.org\/zeytin-sinegi-ile-mucadele-projesi\/"},"modified":"2022-03-24T23:54:45","modified_gmt":"2022-03-24T20:54:45","slug":"zeytin-sinegi-ile-mucadele-projesi","status":"publish","type":"page","link":"https:\/\/zeytince.org\/en\/zeytin-sinegi-ile-mucadele-projesi\/","title":{"rendered":"Zeytin Sine\u011fi \u0130le M\u00fccadele Projesi"},"content":{"rendered":"\t\t<div data-elementor-type=\"wp-page\" data-elementor-id=\"2770\" class=\"elementor elementor-2770\">\n\t\t\t\t\t\t<section class=\"elementor-section elementor-top-section elementor-element elementor-element-17d6f873 elementor-section-boxed elementor-section-height-default elementor-section-height-default parallax_section_no qode_elementor_container_no\" data-id=\"17d6f873\" data-element_type=\"section\" data-e-type=\"section\">\n\t\t\t\t\t\t<div class=\"elementor-container elementor-column-gap-default\">\n\t\t\t\t\t<div class=\"elementor-column elementor-col-100 elementor-top-column elementor-element elementor-element-3609a8d3\" data-id=\"3609a8d3\" data-element_type=\"column\" data-e-type=\"column\">\n\t\t\t<div class=\"elementor-widget-wrap elementor-element-populated\">\n\t\t\t\t\t\t<div class=\"elementor-element elementor-element-3e709b9 elementor-widget elementor-widget-text-editor\" data-id=\"3e709b9\" data-element_type=\"widget\" data-e-type=\"widget\" data-widget_type=\"text-editor.default\">\n\t\t\t\t<div class=\"elementor-widget-container\">\n\t\t\t\t\t\t\t\t\t<p style=\"text-align: center;\">Karaburun\u2019un E\u011flenhoca, K\u00f6sedere ve \u0130necik mahallerinin i\u00e7inde yer ald\u0131\u011f\u0131 zeytin havzas\u0131nda 2017 y\u0131l\u0131nda zeytin sine\u011fi ile m\u00fccadele projesinin ilk etab\u0131 Zeytince EYDD ve \u0130zmir B\u00fcy\u00fck\u015fehir Belediyesi Tar\u0131msal Hizmetler Daire Ba\u015fkanl\u0131\u011f\u0131 taraf\u0131ndan ger\u00e7ekle\u015ftirilmi\u015ftir.<\/p><p style=\"text-align: center;\"><br><\/p>\n<p style=\"text-align: center;\">\n<\/p><p style=\"text-align: center;\">\u00dcreticilerden gelen talepler do\u011frultusunda y\u00f6renin en \u00f6nemli \u00fcr\u00fcnlerinden olan zeytin ve zeytinya\u011f\u0131n\u0131n verimi ve kalitesinin; \u00fcretim a\u015famas\u0131ndan ba\u015flanarak bir dizi tedbirle \u00fcretim kapasitesinin artt\u0131r\u0131lmas\u0131na katk\u0131 sa\u011flamay\u0131 ama\u00e7layan projede; ilk olarak \u00fc\u00e7 mahallede \u00fcretici toplant\u0131lar\u0131 yap\u0131larak zeytin a\u011fa\u00e7lar\u0131n\u0131n say\u0131s\u0131n\u0131n, yerlerinin tespit \u00e7al\u0131\u015fmas\u0131 ger\u00e7ekle\u015ftirilmi\u015f ve \u00fcreticilere proje ile ilgili bilgilendirme yap\u0131lm\u0131\u015ft\u0131r. Bu \u00e7al\u0131\u015fmalarda her \u00fc\u00e7 mahallenin muhtarlar\u0131n\u0131n da deste\u011fi al\u0131nm\u0131\u015ft\u0131r. \u0130kinci a\u015famada, proje dan\u0131\u015fman\u0131 Ziraat M\u00fchendisi Dr. Cahit Tun\u00e7, projenin uygulama a\u015famalar\u0131n\u0131 \u00fcreticilere uygulamal\u0131 bir e\u011fitimle aktarm\u0131\u015f ve \u0130BB Tar\u0131msal Daire Ba\u015fkanl\u0131\u011f\u0131\u2019n\u0131n uzmanlar\u0131n\u0131n da kat\u0131l\u0131m\u0131yla ve deste\u011fiyle kar\u015f\u0131l\u0131kl\u0131 bilgi al\u0131\u015fveri\u015fi ger\u00e7ekle\u015ftirilmi\u015ftir. Projenin \u00fc\u00e7\u00fcnc\u00fc a\u015famas\u0131nda, \u00fcreticilere gerekli ekipman ve malzeme da\u011f\u0131t\u0131larak, havzadaki t\u00fcm zeytin a\u011fa\u00e7lar\u0131na kitlesel tuzaklama yap\u0131lm\u0131\u015ft\u0131r. Projenin ilk etab\u0131 ba\u015far\u0131yla sona ermi\u015ftir. Yap\u0131lan \u00e7al\u0131\u015fman\u0131n etkilerini \u00f6l\u00e7mek i\u00e7in gerekli teknik incelemeler proje kapsam\u0131nda ger\u00e7ekle\u015ftirilmekte olup buna paralel olarak \u00fcreticilerden al\u0131nan bilgiler, g\u00f6r\u00fc\u015fler m\u00fccadelenin zeytin verme s\u00fcrecindeki zeytine ve ya\u011f kalitesine olumlu y\u00f6nde etkileri oldu\u011funu g\u00f6stermektedir.<\/p><p style=\"text-align: center;\"><br><\/p>\n<p style=\"text-align: center;\">\n<\/p><p style=\"text-align: center;\">2018 y\u0131l\u0131 i\u00e7erisinde \u0130zmir B\u00fcy\u00fck\u015fehir Belediyesi ile ortakla\u015fa y\u00fcr\u00fct\u00fclen projenin ikinci etab\u0131na ge\u00e7ilmi\u015ftir. Karaburun zeytin yar\u0131madas\u0131nda uygulanan bu proje ile kapsam alan\u0131n\u0131n geni\u015fletilerek zeytin sine\u011finden korunma kalkan\u0131n\u0131n g\u00fc\u00e7lendirilmesi hedeflenmektedir. 2018\u2019de projenin uygulanaca\u011f\u0131 b\u00f6lgeler: E\u011flenhoca- K\u00f6sedere- \u0130necik- Ambarseki- Saip \u2013 Merkez \u2013 Bozk\u00f6y-Tepeboz- Hasseki olarak belirlenmi\u015ftir. Se\u00e7ilen b\u00f6lgeler zeytinin en fazla oldu\u011fu alanlard\u0131r. Projenin ilk a\u015famas\u0131nda pilot b\u00f6lge \u00fczerinde yap\u0131lan \u00e7al\u0131\u015fmalar esnas\u0131nda edinilen tecr\u00fcbe, hava ko\u015fullar\u0131, \u00fcreticilerle olan toplant\u0131lar s\u0131ras\u0131nda al\u0131nan notlar\u0131n de\u011ferlendirmeleri dikkate al\u0131narak benzer bir y\u00f6ntemle bu seneki tuzaklama \u00e7al\u0131\u015fmalar\u0131 ba\u015flat\u0131lacak ve takibi devam ettirilecektir.<\/p>\n<p style=\"text-align: center;\"><br><\/p>\n<p style=\"text-align: center;\"><br><\/p>\n<p style=\"text-align: center;\">\n<\/p><p style=\"text-align: center;\"><strong>Projenin i\u00e7erdi\u011fi s\u00fcre\u00e7ler ve detayl\u0131 bilgi i\u00e7in gidiniz: <\/strong><br><span style=\"color: #339966;\"><strong><a style=\"color: #339966;\" href=\"https:\/\/zeytince.org\/zeytin-sinegiyle-mucadele\/\" target=\"_blank\" rel=\"noopener\">zeytince.org\/zeytin-sinegiyle-mucadele\/<\/a><\/strong><\/span><\/p>\t\t\t\t\t\t\t\t<\/div>\n\t\t\t\t<\/div>\n\t\t\t\t\t<\/div>\n\t\t<\/div>\n\t\t\t\t\t<\/div>\n\t\t<\/section>\n\t\t\t\t<section class=\"elementor-section elementor-top-section elementor-element elementor-element-d441fc6 elementor-section-boxed elementor-section-height-default elementor-section-height-default parallax_section_no qode_elementor_container_no\" data-id=\"d441fc6\" data-element_type=\"section\" data-e-type=\"section\">\n\t\t\t\t\t\t<div class=\"elementor-container elementor-column-gap-default\">\n\t\t\t\t\t<div class=\"elementor-column elementor-col-50 elementor-top-column elementor-element elementor-element-418f8dd\" data-id=\"418f8dd\" data-element_type=\"column\" data-e-type=\"column\">\n\t\t\t<div class=\"elementor-widget-wrap elementor-element-populated\">\n\t\t\t\t\t\t<div class=\"elementor-element elementor-element-33a5ea1 elementor-widget elementor-widget-image\" data-id=\"33a5ea1\" data-element_type=\"widget\" data-e-type=\"widget\" data-widget_type=\"image.default\">\n\t\t\t\t<div class=\"elementor-widget-container\">\n\t\t\t\t\t\t\t\t\t\t\t\t\t\t\t<img fetchpriority=\"high\" decoding=\"async\" width=\"512\" height=\"288\" src=\"https:\/\/zeytince.org\/wp-content\/uploads\/2022\/02\/unnamed-5.jpg\" class=\"attachment-large size-large wp-image-2079\" alt=\"\" srcset=\"https:\/\/zeytince.org\/wp-content\/uploads\/2022\/02\/unnamed-5.jpg 512w, https:\/\/zeytince.org\/wp-content\/uploads\/2022\/02\/unnamed-5-300x169.jpg 300w\" sizes=\"(max-width: 512px) 100vw, 512px\" \/>\t\t\t\t\t\t\t\t\t\t\t\t\t\t\t<\/div>\n\t\t\t\t<\/div>\n\t\t\t\t\t<\/div>\n\t\t<\/div>\n\t\t\t\t<div class=\"elementor-column elementor-col-50 elementor-top-column elementor-element elementor-element-f9c760d\" data-id=\"f9c760d\" data-element_type=\"column\" data-e-type=\"column\">\n\t\t\t<div class=\"elementor-widget-wrap elementor-element-populated\">\n\t\t\t\t\t\t<div class=\"elementor-element elementor-element-5d05e37 elementor-widget elementor-widget-image\" data-id=\"5d05e37\" data-element_type=\"widget\" data-e-type=\"widget\" data-widget_type=\"image.default\">\n\t\t\t\t<div class=\"elementor-widget-container\">\n\t\t\t\t\t\t\t\t\t\t\t\t\t\t\t<img decoding=\"async\" width=\"288\" height=\"512\" src=\"https:\/\/zeytince.org\/wp-content\/uploads\/2022\/02\/unnamed-1-1.jpg\" class=\"attachment-large size-large wp-image-2080\" alt=\"\" srcset=\"https:\/\/zeytince.org\/wp-content\/uploads\/2022\/02\/unnamed-1-1.jpg 288w, https:\/\/zeytince.org\/wp-content\/uploads\/2022\/02\/unnamed-1-1-169x300.jpg 169w\" sizes=\"(max-width: 288px) 100vw, 288px\" \/>\t\t\t\t\t\t\t\t\t\t\t\t\t\t\t<\/div>\n\t\t\t\t<\/div>\n\t\t\t\t\t<\/div>\n\t\t<\/div>\n\t\t\t\t\t<\/div>\n\t\t<\/section>\n\t\t\t\t<section class=\"elementor-section elementor-top-section elementor-element elementor-element-f49cfd0 elementor-section-boxed elementor-section-height-default elementor-section-height-default parallax_section_no qode_elementor_container_no\" data-id=\"f49cfd0\" data-element_type=\"section\" data-e-type=\"section\">\n\t\t\t\t\t\t<div class=\"elementor-container elementor-column-gap-default\">\n\t\t\t\t\t<div class=\"elementor-column elementor-col-100 elementor-top-column elementor-element elementor-element-845ece3\" data-id=\"845ece3\" data-element_type=\"column\" data-e-type=\"column\">\n\t\t\t<div class=\"elementor-widget-wrap elementor-element-populated\">\n\t\t\t\t\t\t<div class=\"elementor-element elementor-element-3a5441e elementor-widget elementor-widget-spacer\" data-id=\"3a5441e\" data-element_type=\"widget\" data-e-type=\"widget\" data-widget_type=\"spacer.default\">\n\t\t\t\t<div class=\"elementor-widget-container\">\n\t\t\t\t\t\t\t<div class=\"elementor-spacer\">\n\t\t\t<div class=\"elementor-spacer-inner\"><\/div>\n\t\t<\/div>\n\t\t\t\t\t\t<\/div>\n\t\t\t\t<\/div>\n\t\t\t\t\t<\/div>\n\t\t<\/div>\n\t\t\t\t\t<\/div>\n\t\t<\/section>\n\t\t\t\t<\/div>\n\t\t","protected":false},"excerpt":{"rendered":"<p>Karaburun\u2019un E\u011flenhoca, K\u00f6sedere ve \u0130necik mahallerinin i\u00e7inde yer ald\u0131\u011f\u0131 zeytin havzas\u0131nda 2017 y\u0131l\u0131nda zeytin sine\u011fi ile m\u00fccadele projesinin ilk etab\u0131 Zeytince EYDD ve \u0130zmir B\u00fcy\u00fck\u015fehir Belediyesi Tar\u0131msal Hizmetler Daire Ba\u015fkanl\u0131\u011f\u0131 taraf\u0131ndan ger\u00e7ekle\u015ftirilmi\u015ftir. \u00dcreticilerden gelen talepler do\u011frultusunda y\u00f6renin en \u00f6nemli \u00fcr\u00fcnlerinden olan zeytin ve zeytinya\u011f\u0131n\u0131n verimi&#8230;<\/p>\n","protected":false},"author":1,"featured_media":0,"parent":0,"menu_order":0,"comment_status":"closed","ping_status":"closed","template":"full_width.php","meta":{"footnotes":""},"class_list":["post-2770","page","type-page","status-publish","hentry"],"yoast_head":"<!-- This site is optimized with the Yoast SEO plugin v27.5 - https:\/\/yoast.com\/product\/yoast-seo-wordpress\/ -->\n<title>Zeytin Sine\u011fi \u0130le M\u00fccadele Projesi - Zeytince<\/title>\n<meta name=\"robots\" content=\"index, follow, max-snippet:-1, max-image-preview:large, max-video-preview:-1\" \/>\n<link rel=\"canonical\" href=\"https:\/\/zeytince.org\/en\/zeytin-sinegi-ile-mucadele-projesi\/\" \/>\n<meta property=\"og:locale\" content=\"en_US\" \/>\n<meta property=\"og:type\" content=\"article\" \/>\n<meta property=\"og:title\" content=\"Zeytin Sine\u011fi \u0130le M\u00fccadele Projesi - Zeytince\" \/>\n<meta property=\"og:description\" content=\"Karaburun\u2019un E\u011flenhoca, K\u00f6sedere ve \u0130necik mahallerinin i\u00e7inde yer ald\u0131\u011f\u0131 zeytin havzas\u0131nda 2017 y\u0131l\u0131nda zeytin sine\u011fi ile m\u00fccadele projesinin ilk etab\u0131 Zeytince EYDD ve \u0130zmir B\u00fcy\u00fck\u015fehir Belediyesi Tar\u0131msal Hizmetler Daire Ba\u015fkanl\u0131\u011f\u0131 taraf\u0131ndan ger\u00e7ekle\u015ftirilmi\u015ftir. \u00dcreticilerden gelen talepler do\u011frultusunda y\u00f6renin en \u00f6nemli \u00fcr\u00fcnlerinden olan zeytin ve zeytinya\u011f\u0131n\u0131n verimi...\" \/>\n<meta property=\"og:url\" content=\"https:\/\/zeytince.org\/en\/zeytin-sinegi-ile-mucadele-projesi\/\" \/>\n<meta property=\"og:site_name\" content=\"Zeytince\" \/>\n<meta property=\"article:publisher\" content=\"https:\/\/www.facebook.com\/ZeytinceDernegi\/\" \/>\n<meta property=\"article:modified_time\" content=\"2022-03-24T20:54:45+00:00\" \/>\n<meta property=\"og:image\" content=\"https:\/\/zeytince.org\/wp-content\/uploads\/2022\/02\/unnamed-5.jpg\" \/>\n<meta name=\"twitter:card\" content=\"summary_large_image\" \/>\n<meta name=\"twitter:site\" content=\"@zeytincedernegi\" \/>\n<meta name=\"twitter:label1\" content=\"Est. reading time\" \/>\n\t<meta name=\"twitter:data1\" content=\"2 minutes\" \/>\n<script type=\"application\/ld+json\" class=\"yoast-schema-graph\">{\"@context\":\"https:\\\/\\\/schema.org\",\"@graph\":[{\"@type\":\"WebPage\",\"@id\":\"https:\\\/\\\/zeytince.org\\\/en\\\/zeytin-sinegi-ile-mucadele-projesi\\\/\",\"url\":\"https:\\\/\\\/zeytince.org\\\/en\\\/zeytin-sinegi-ile-mucadele-projesi\\\/\",\"name\":\"Zeytin Sine\u011fi \u0130le M\u00fccadele Projesi - Zeytince\",\"isPartOf\":{\"@id\":\"https:\\\/\\\/zeytince.org\\\/#website\"},\"primaryImageOfPage\":{\"@id\":\"https:\\\/\\\/zeytince.org\\\/en\\\/zeytin-sinegi-ile-mucadele-projesi\\\/#primaryimage\"},\"image\":{\"@id\":\"https:\\\/\\\/zeytince.org\\\/en\\\/zeytin-sinegi-ile-mucadele-projesi\\\/#primaryimage\"},\"thumbnailUrl\":\"https:\\\/\\\/zeytince.org\\\/wp-content\\\/uploads\\\/2022\\\/02\\\/unnamed-5.jpg\",\"datePublished\":\"2022-02-24T12:43:39+00:00\",\"dateModified\":\"2022-03-24T20:54:45+00:00\",\"breadcrumb\":{\"@id\":\"https:\\\/\\\/zeytince.org\\\/en\\\/zeytin-sinegi-ile-mucadele-projesi\\\/#breadcrumb\"},\"inLanguage\":\"en-US\",\"potentialAction\":[{\"@type\":\"ReadAction\",\"target\":[\"https:\\\/\\\/zeytince.org\\\/en\\\/zeytin-sinegi-ile-mucadele-projesi\\\/\"]}]},{\"@type\":\"ImageObject\",\"inLanguage\":\"en-US\",\"@id\":\"https:\\\/\\\/zeytince.org\\\/en\\\/zeytin-sinegi-ile-mucadele-projesi\\\/#primaryimage\",\"url\":\"https:\\\/\\\/zeytince.org\\\/wp-content\\\/uploads\\\/2022\\\/02\\\/unnamed-5.jpg\",\"contentUrl\":\"https:\\\/\\\/zeytince.org\\\/wp-content\\\/uploads\\\/2022\\\/02\\\/unnamed-5.jpg\"},{\"@type\":\"BreadcrumbList\",\"@id\":\"https:\\\/\\\/zeytince.org\\\/en\\\/zeytin-sinegi-ile-mucadele-projesi\\\/#breadcrumb\",\"itemListElement\":[{\"@type\":\"ListItem\",\"position\":1,\"name\":\"Anasayfa\",\"item\":\"https:\\\/\\\/zeytince.org\\\/en\\\/\"},{\"@type\":\"ListItem\",\"position\":2,\"name\":\"Zeytin Sine\u011fi \u0130le M\u00fccadele Projesi\"}]},{\"@type\":\"WebSite\",\"@id\":\"https:\\\/\\\/zeytince.org\\\/#website\",\"url\":\"https:\\\/\\\/zeytince.org\\\/\",\"name\":\"Zeytince\",\"description\":\"Zeytince Ekolojik Ya\u015fam\u0131 Destekleme Derne\u011fi\",\"publisher\":{\"@id\":\"https:\\\/\\\/zeytince.org\\\/#organization\"},\"potentialAction\":[{\"@type\":\"SearchAction\",\"target\":{\"@type\":\"EntryPoint\",\"urlTemplate\":\"https:\\\/\\\/zeytince.org\\\/?s={search_term_string}\"},\"query-input\":{\"@type\":\"PropertyValueSpecification\",\"valueRequired\":true,\"valueName\":\"search_term_string\"}}],\"inLanguage\":\"en-US\"},{\"@type\":\"Organization\",\"@id\":\"https:\\\/\\\/zeytince.org\\\/#organization\",\"name\":\"Zeytince | Ekolojik Ya\u015fam\u0131 Destekleme Derne\u011fi\",\"url\":\"https:\\\/\\\/zeytince.org\\\/\",\"logo\":{\"@type\":\"ImageObject\",\"inLanguage\":\"en-US\",\"@id\":\"https:\\\/\\\/zeytince.org\\\/#\\\/schema\\\/logo\\\/image\\\/\",\"url\":\"https:\\\/\\\/zeytince.org\\\/wp-content\\\/uploads\\\/2022\\\/03\\\/zeytince-logo.png\",\"contentUrl\":\"https:\\\/\\\/zeytince.org\\\/wp-content\\\/uploads\\\/2022\\\/03\\\/zeytince-logo.png\",\"width\":746,\"height\":808,\"caption\":\"Zeytince | Ekolojik Ya\u015fam\u0131 Destekleme Derne\u011fi\"},\"image\":{\"@id\":\"https:\\\/\\\/zeytince.org\\\/#\\\/schema\\\/logo\\\/image\\\/\"},\"sameAs\":[\"https:\\\/\\\/www.facebook.com\\\/ZeytinceDernegi\\\/\",\"https:\\\/\\\/x.com\\\/zeytincedernegi\",\"https:\\\/\\\/www.instagram.com\\\/zeytincedernegi\\\/\",\"https:\\\/\\\/www.linkedin.com\\\/company\\\/zeytince\"]}]}<\/script>\n<!-- \/ Yoast SEO plugin. -->","yoast_head_json":{"title":"Zeytin Sine\u011fi \u0130le M\u00fccadele Projesi - Zeytince","robots":{"index":"index","follow":"follow","max-snippet":"max-snippet:-1","max-image-preview":"max-image-preview:large","max-video-preview":"max-video-preview:-1"},"canonical":"https:\/\/zeytince.org\/en\/zeytin-sinegi-ile-mucadele-projesi\/","og_locale":"en_US","og_type":"article","og_title":"Zeytin Sine\u011fi \u0130le M\u00fccadele Projesi - Zeytince","og_description":"Karaburun\u2019un E\u011flenhoca, K\u00f6sedere ve \u0130necik mahallerinin i\u00e7inde yer ald\u0131\u011f\u0131 zeytin havzas\u0131nda 2017 y\u0131l\u0131nda zeytin sine\u011fi ile m\u00fccadele projesinin ilk etab\u0131 Zeytince EYDD ve \u0130zmir B\u00fcy\u00fck\u015fehir Belediyesi Tar\u0131msal Hizmetler Daire Ba\u015fkanl\u0131\u011f\u0131 taraf\u0131ndan ger\u00e7ekle\u015ftirilmi\u015ftir. \u00dcreticilerden gelen talepler do\u011frultusunda y\u00f6renin en \u00f6nemli \u00fcr\u00fcnlerinden olan zeytin ve zeytinya\u011f\u0131n\u0131n verimi...","og_url":"https:\/\/zeytince.org\/en\/zeytin-sinegi-ile-mucadele-projesi\/","og_site_name":"Zeytince","article_publisher":"https:\/\/www.facebook.com\/ZeytinceDernegi\/","article_modified_time":"2022-03-24T20:54:45+00:00","og_image":[{"url":"https:\/\/zeytince.org\/wp-content\/uploads\/2022\/02\/unnamed-5.jpg","type":"","width":"","height":""}],"twitter_card":"summary_large_image","twitter_site":"@zeytincedernegi","twitter_misc":{"Est. reading time":"2 minutes"},"schema":{"@context":"https:\/\/schema.org","@graph":[{"@type":"WebPage","@id":"https:\/\/zeytince.org\/en\/zeytin-sinegi-ile-mucadele-projesi\/","url":"https:\/\/zeytince.org\/en\/zeytin-sinegi-ile-mucadele-projesi\/","name":"Zeytin Sine\u011fi \u0130le M\u00fccadele Projesi - Zeytince","isPartOf":{"@id":"https:\/\/zeytince.org\/#website"},"primaryImageOfPage":{"@id":"https:\/\/zeytince.org\/en\/zeytin-sinegi-ile-mucadele-projesi\/#primaryimage"},"image":{"@id":"https:\/\/zeytince.org\/en\/zeytin-sinegi-ile-mucadele-projesi\/#primaryimage"},"thumbnailUrl":"https:\/\/zeytince.org\/wp-content\/uploads\/2022\/02\/unnamed-5.jpg","datePublished":"2022-02-24T12:43:39+00:00","dateModified":"2022-03-24T20:54:45+00:00","breadcrumb":{"@id":"https:\/\/zeytince.org\/en\/zeytin-sinegi-ile-mucadele-projesi\/#breadcrumb"},"inLanguage":"en-US","potentialAction":[{"@type":"ReadAction","target":["https:\/\/zeytince.org\/en\/zeytin-sinegi-ile-mucadele-projesi\/"]}]},{"@type":"ImageObject","inLanguage":"en-US","@id":"https:\/\/zeytince.org\/en\/zeytin-sinegi-ile-mucadele-projesi\/#primaryimage","url":"https:\/\/zeytince.org\/wp-content\/uploads\/2022\/02\/unnamed-5.jpg","contentUrl":"https:\/\/zeytince.org\/wp-content\/uploads\/2022\/02\/unnamed-5.jpg"},{"@type":"BreadcrumbList","@id":"https:\/\/zeytince.org\/en\/zeytin-sinegi-ile-mucadele-projesi\/#breadcrumb","itemListElement":[{"@type":"ListItem","position":1,"name":"Anasayfa","item":"https:\/\/zeytince.org\/en\/"},{"@type":"ListItem","position":2,"name":"Zeytin Sine\u011fi \u0130le M\u00fccadele Projesi"}]},{"@type":"WebSite","@id":"https:\/\/zeytince.org\/#website","url":"https:\/\/zeytince.org\/","name":"Zeytince","description":"Zeytince Ekolojik Ya\u015fam\u0131 Destekleme Derne\u011fi","publisher":{"@id":"https:\/\/zeytince.org\/#organization"},"potentialAction":[{"@type":"SearchAction","target":{"@type":"EntryPoint","urlTemplate":"https:\/\/zeytince.org\/?s={search_term_string}"},"query-input":{"@type":"PropertyValueSpecification","valueRequired":true,"valueName":"search_term_string"}}],"inLanguage":"en-US"},{"@type":"Organization","@id":"https:\/\/zeytince.org\/#organization","name":"Zeytince | Ekolojik Ya\u015fam\u0131 Destekleme Derne\u011fi","url":"https:\/\/zeytince.org\/","logo":{"@type":"ImageObject","inLanguage":"en-US","@id":"https:\/\/zeytince.org\/#\/schema\/logo\/image\/","url":"https:\/\/zeytince.org\/wp-content\/uploads\/2022\/03\/zeytince-logo.png","contentUrl":"https:\/\/zeytince.org\/wp-content\/uploads\/2022\/03\/zeytince-logo.png","width":746,"height":808,"caption":"Zeytince | Ekolojik Ya\u015fam\u0131 Destekleme Derne\u011fi"},"image":{"@id":"https:\/\/zeytince.org\/#\/schema\/logo\/image\/"},"sameAs":["https:\/\/www.facebook.com\/ZeytinceDernegi\/","https:\/\/x.com\/zeytincedernegi","https:\/\/www.instagram.com\/zeytincedernegi\/","https:\/\/www.linkedin.com\/company\/zeytince"]}]}},"_links":{"self":[{"href":"https:\/\/zeytince.org\/en\/wp-json\/wp\/v2\/pages\/2770","targetHints":{"allow":["GET"]}}],"collection":[{"href":"https:\/\/zeytince.org\/en\/wp-json\/wp\/v2\/pages"}],"about":[{"href":"https:\/\/zeytince.org\/en\/wp-json\/wp\/v2\/types\/page"}],"author":[{"embeddable":true,"href":"https:\/\/zeytince.org\/en\/wp-json\/wp\/v2\/users\/1"}],"replies":[{"embeddable":true,"href":"https:\/\/zeytince.org\/en\/wp-json\/wp\/v2\/comments?post=2770"}],"version-history":[{"count":0,"href":"https:\/\/zeytince.org\/en\/wp-json\/wp\/v2\/pages\/2770\/revisions"}],"wp:attachment":[{"href":"https:\/\/zeytince.org\/en\/wp-json\/wp\/v2\/media?parent=2770"}],"curies":[{"name":"wp","href":"https:\/\/api.w.org\/{rel}","templated":true}]}}